{"id":1035,"date":"2025-06-24T14:59:49","date_gmt":"2025-06-24T12:59:49","guid":{"rendered":"https:\/\/recover-zag.dev.lichtblick.io\/?page_id=1035"},"modified":"2026-02-10T14:57:03","modified_gmt":"2026-02-10T13:57:03","slug":"unsere-geschaeftsleitung","status":"publish","type":"page","link":"https:\/\/recover-zag.dev.lichtblick.io\/en\/unsere-geschaeftsleitung\/","title":{"rendered":"Our management"},"content":{"rendered":"<section class=\"has-background-image align wp-block-lb-hero\">\n    <div class=\"section-wrapper\">\n        <div class=\"background-image\">\n            <div class=\"background-image__responsive\">\n                                    <picture>\n                                                    <source srcset=\"https:\/\/recover-zag.dev.lichtblick.io\/wp-content\/uploads\/2025\/07\/Mobile-Heroshot-ZAG-Team-bei-einer-Besprechung.webp\"\n                                    media=\"(max-width: 576px)\">\n                                                                            <img loading=\"lazy\" decoding=\"async\" width=\"2560\" height=\"1367\" src=\"https:\/\/recover-zag.dev.lichtblick.io\/wp-content\/uploads\/2025\/07\/Heroshot-ZAG-Team-bei-einer-Besprechung.webp\" class=\"attachment-full size-full\" alt=\"View of a professional business meeting with a focus on open communication and collaboration.\" srcset=\"https:\/\/recover-zag.dev.lichtblick.io\/wp-content\/uploads\/2025\/07\/Heroshot-ZAG-Team-bei-einer-Besprechung.webp 2560w, https:\/\/recover-zag.dev.lichtblick.io\/wp-content\/uploads\/2025\/07\/Heroshot-ZAG-Team-bei-einer-Besprechung-664x355.webp 664w, https:\/\/recover-zag.dev.lichtblick.io\/wp-content\/uploads\/2025\/07\/Heroshot-ZAG-Team-bei-einer-Besprechung-1360x726.webp 1360w, https:\/\/recover-zag.dev.lichtblick.io\/wp-content\/uploads\/2025\/07\/Heroshot-ZAG-Team-bei-einer-Besprechung-300x160.webp 300w, https:\/\/recover-zag.dev.lichtblick.io\/wp-content\/uploads\/2025\/07\/Heroshot-ZAG-Team-bei-einer-Besprechung-18x10.webp 18w\" sizes=\"(max-width: 2560px) 100vw, 2560px\" \/>                                            <\/picture>\n                                <div class=\"section-content-top section-content-top--mobile\">\n                    <div class=\"container section-content-container\">\n                        \n    <div class=\"section-title align-left\">\n        <p class=\"pretitle\">Experience that builds trust.<\/p><div class=\"custom-title\"><h1><span class=\"highlight-bg-wrap\"><span class=\"highlight-bg\" style=\"background-color: #ffffff\">Our management: Expertise, experience and perspective.<\/span><\/span><\/h1>\n<\/div>    <\/div>\n                    <\/div>\n                <\/div>\n            <\/div>\n            <div class=\"container section-content-container\">\n                <div class=\"section-content\">\n                    <div class=\"section-content-top section-content-top--desktop\">\n                        \n    <div class=\"section-title align-left\">\n        <p class=\"pretitle\">Experience that builds trust.<\/p><div class=\"custom-title\"><h1><span class=\"highlight-bg-wrap\"><span class=\"highlight-bg\" style=\"background-color: #ffffff\">Our management: Expertise, experience and perspective.<\/span><\/span><\/h1>\n<\/div>    <\/div>\n                    <\/div>\n                                            <div class=\"section-content-bottom\">\n                            <p class=\"section-content-text\">\n                                Our management stands for reliability, quality and the continuous development of our HR solutions.                            <\/p>\n                        <\/div>\n                                                                <!-- Link button -->\n                                                            <\/div>\n            <\/div>\n        <\/div>\n    <\/div>\n<\/section>\n\n\n\n<section class=\"align wp-block-lb-bild-text\">\n    <div class=\"container\">\n        <div class=\"content-layout\">\n            <div class=\"content-left\">\n                <div class=\"section-content\">\n                    \n    <div class=\"section-title align-left\">\n        <p class=\"pretitle\">Strongly positioned. Clearly led.<\/p><div class=\"custom-title\"><h2><span class=\"highlight-bg-wrap\"><span class=\"highlight-bg\" style=\"background-color: #f3f3f0\">A corporate<\/span><br \/>\n<span class=\"highlight-bg\" style=\"background-color: #f3f3f0\">Management with vision<\/span><\/span><\/h2>\n<\/div>    <\/div>\n                <\/div>\n                                    <div class=\"section-text\">\n                        <p>Three managing directors and five experienced managers in the extended management team lead ZAG with a clear division of roles, broad expertise and the aim of ensuring sustainable quality in our HR solutions. The experienced managers play a central role in this: as an extension of the management team, they act as staff units that responsibly implement strategic issues across the organisation, thus ensuring effective implementation and an active corporate culture. Together, they combine entrepreneurial thinking with a human touch. This understanding of leadership is characterised by ZAG founder Martin Wei\u00df - in whose spirit we act with responsibility, attitude and a clear view of people.<\/p>\n                    <\/div>\n                                                            <\/div>\n                            <div class=\"content-right\">\n                    <figure class=\"image-container\">\n                        <img decoding=\"async\" width=\"1200\" height=\"900\" src=\"https:\/\/recover-zag.dev.lichtblick.io\/wp-content\/uploads\/2025\/07\/ZAG-Gruppenbild-der-Geschaeftsfuehrung.webp\" class=\"attachment-large size-large\" alt=\"Three business people in suits are standing in a modern office. The image conveys professionalism, teamwork and success. Perfect for business, career and corporate branding.\" loading=\"lazy\" srcset=\"https:\/\/recover-zag.dev.lichtblick.io\/wp-content\/uploads\/2025\/07\/ZAG-Gruppenbild-der-Geschaeftsfuehrung.webp 1200w, https:\/\/recover-zag.dev.lichtblick.io\/wp-content\/uploads\/2025\/07\/ZAG-Gruppenbild-der-Geschaeftsfuehrung-664x498.webp 664w, https:\/\/recover-zag.dev.lichtblick.io\/wp-content\/uploads\/2025\/07\/ZAG-Gruppenbild-der-Geschaeftsfuehrung-300x225.webp 300w, https:\/\/recover-zag.dev.lichtblick.io\/wp-content\/uploads\/2025\/07\/ZAG-Gruppenbild-der-Geschaeftsfuehrung-16x12.webp 16w\" sizes=\"(max-width: 1200px) 100vw, 1200px\" \/>                    <\/figure>\n                <\/div>\n                    <\/div>\n    <\/div>\n<\/section>\n\n\n\n<section class=\"align wp-block-lb-tab-mission\">\n            <div class=\"tab-visual tab-visual--desktop\">\n                                                <figure class=\"tab-background  is-active\" data-tab-bg=\"0\">\n                        <img decoding=\"async\" width=\"1360\" height=\"740\" src=\"https:\/\/recover-zag.dev.lichtblick.io\/wp-content\/uploads\/2025\/07\/20201003HS_10687-1-1360x740.webp\" class=\"attachment-large size-large\" alt=\"High-quality photograph of a man giving a speech at a ZAG event, focus on the speaker with the ZAG logo in the background, symbolising professional personnel services and innovative recruitment.\" loading=\"lazy\" srcset=\"https:\/\/recover-zag.dev.lichtblick.io\/wp-content\/uploads\/2025\/07\/20201003HS_10687-1-1360x740.webp 1360w, https:\/\/recover-zag.dev.lichtblick.io\/wp-content\/uploads\/2025\/07\/20201003HS_10687-1-664x361.webp 664w, https:\/\/recover-zag.dev.lichtblick.io\/wp-content\/uploads\/2025\/07\/20201003HS_10687-1-300x163.webp 300w, https:\/\/recover-zag.dev.lichtblick.io\/wp-content\/uploads\/2025\/07\/20201003HS_10687-1-18x10.webp 18w, https:\/\/recover-zag.dev.lichtblick.io\/wp-content\/uploads\/2025\/07\/20201003HS_10687-1.webp 1512w\" sizes=\"(max-width: 1360px) 100vw, 1360px\" \/>                    <\/figure>\n                                                                <figure class=\"tab-background\" data-tab-bg=\"1\">\n                        <img decoding=\"async\" width=\"1360\" height=\"740\" src=\"https:\/\/recover-zag.dev.lichtblick.io\/wp-content\/uploads\/2025\/07\/ZAG_02_OPEN_SPACE_HERR_GAUDE_0332_FINAL-1-1360x740.webp\" class=\"attachment-large size-large\" alt=\"Experienced businessman in a consultation meeting, stylishly dressed, in a modern office environment, focus on business consulting, professional presence, innovative solutions.\" loading=\"lazy\" srcset=\"https:\/\/recover-zag.dev.lichtblick.io\/wp-content\/uploads\/2025\/07\/ZAG_02_OPEN_SPACE_HERR_GAUDE_0332_FINAL-1-1360x740.webp 1360w, https:\/\/recover-zag.dev.lichtblick.io\/wp-content\/uploads\/2025\/07\/ZAG_02_OPEN_SPACE_HERR_GAUDE_0332_FINAL-1-664x361.webp 664w, https:\/\/recover-zag.dev.lichtblick.io\/wp-content\/uploads\/2025\/07\/ZAG_02_OPEN_SPACE_HERR_GAUDE_0332_FINAL-1-300x163.webp 300w, https:\/\/recover-zag.dev.lichtblick.io\/wp-content\/uploads\/2025\/07\/ZAG_02_OPEN_SPACE_HERR_GAUDE_0332_FINAL-1-18x10.webp 18w, https:\/\/recover-zag.dev.lichtblick.io\/wp-content\/uploads\/2025\/07\/ZAG_02_OPEN_SPACE_HERR_GAUDE_0332_FINAL-1.webp 1512w\" sizes=\"(max-width: 1360px) 100vw, 1360px\" \/>                    <\/figure>\n                                                                <figure class=\"tab-background\" data-tab-bg=\"2\">\n                        <img decoding=\"async\" width=\"1360\" height=\"740\" src=\"https:\/\/recover-zag.dev.lichtblick.io\/wp-content\/uploads\/2025\/07\/ZAG_01_DACH_HERR_MEIER_0164_FINAL-1-1360x740.webp\" class=\"attachment-large size-large\" alt=\"Old man in business suit in front of city.\" loading=\"lazy\" srcset=\"https:\/\/recover-zag.dev.lichtblick.io\/wp-content\/uploads\/2025\/07\/ZAG_01_DACH_HERR_MEIER_0164_FINAL-1-1360x740.webp 1360w, https:\/\/recover-zag.dev.lichtblick.io\/wp-content\/uploads\/2025\/07\/ZAG_01_DACH_HERR_MEIER_0164_FINAL-1-664x361.webp 664w, https:\/\/recover-zag.dev.lichtblick.io\/wp-content\/uploads\/2025\/07\/ZAG_01_DACH_HERR_MEIER_0164_FINAL-1-300x163.webp 300w, https:\/\/recover-zag.dev.lichtblick.io\/wp-content\/uploads\/2025\/07\/ZAG_01_DACH_HERR_MEIER_0164_FINAL-1-18x10.webp 18w, https:\/\/recover-zag.dev.lichtblick.io\/wp-content\/uploads\/2025\/07\/ZAG_01_DACH_HERR_MEIER_0164_FINAL-1.webp 1512w\" sizes=\"(max-width: 1360px) 100vw, 1360px\" \/>                    <\/figure>\n                                                                <figure class=\"tab-background\" data-tab-bg=\"3\">\n                        <img decoding=\"async\" width=\"1360\" height=\"740\" src=\"https:\/\/recover-zag.dev.lichtblick.io\/wp-content\/uploads\/2025\/07\/ZAG_05_STIFTUNG_DOPPELPORTRAIT_0972-1-1360x740.webp\" class=\"attachment-large size-large\" alt=\"High-quality business portrait of a competent man in a dark suit with glasses, professional and personable, in a modern office with a large window in the background.\" loading=\"lazy\" srcset=\"https:\/\/recover-zag.dev.lichtblick.io\/wp-content\/uploads\/2025\/07\/ZAG_05_STIFTUNG_DOPPELPORTRAIT_0972-1-1360x740.webp 1360w, https:\/\/recover-zag.dev.lichtblick.io\/wp-content\/uploads\/2025\/07\/ZAG_05_STIFTUNG_DOPPELPORTRAIT_0972-1-664x361.webp 664w, https:\/\/recover-zag.dev.lichtblick.io\/wp-content\/uploads\/2025\/07\/ZAG_05_STIFTUNG_DOPPELPORTRAIT_0972-1-300x163.webp 300w, https:\/\/recover-zag.dev.lichtblick.io\/wp-content\/uploads\/2025\/07\/ZAG_05_STIFTUNG_DOPPELPORTRAIT_0972-1-18x10.webp 18w, https:\/\/recover-zag.dev.lichtblick.io\/wp-content\/uploads\/2025\/07\/ZAG_05_STIFTUNG_DOPPELPORTRAIT_0972-1.webp 1512w\" sizes=\"(max-width: 1360px) 100vw, 1360px\" \/>                    <\/figure>\n                                    <\/div>\n        <div class=\"js-tabs-container\">\n            <div class=\"container\">\n                <div class=\"tab-wrapper\">\n                    <ul class=\"tabs-buttons\" role=\"tablist\">\n                                                    <li>\n                                <button\n                                    class=\"button-secondary-s tab-label  is-active\"\n                                    data-tab-trigger=\"0\">\n                                    Founder &amp; Owner                                <\/button>\n                            <\/li>\n                                                    <li>\n                                <button\n                                    class=\"button-secondary-s tab-label\"\n                                    data-tab-trigger=\"1\">\n                                    CEO Vision                                <\/button>\n                            <\/li>\n                                                    <li>\n                                <button\n                                    class=\"button-secondary-s tab-label\"\n                                    data-tab-trigger=\"2\">\n                                    COO Mission                                <\/button>\n                            <\/li>\n                                                    <li>\n                                <button\n                                    class=\"button-secondary-s tab-label\"\n                                    data-tab-trigger=\"3\">\n                                    CFO Statement                                <\/button>\n                            <\/li>\n                                            <\/ul>\n                    <div class=\"js-tabs tabs-swiper\">\n                        <ul class=\"tabs-content swiper-wrapper\">\n                                                            <li class=\"swiper-slide tab-panel  is-active\"\n                                    data-tab-content=\"0\">\n                                                                            <figure class=\"tab-visual tab-visual--mobile\">\n                                            <picture class=\"tab-background\" data-tab-bg=\"0\">\n                                                                                                    <source\n                                                        srcset=\"https:\/\/recover-zag.dev.lichtblick.io\/wp-content\/uploads\/2025\/07\/20201003HS_10687-1-1.webp\"\n                                                        media=\"(max-width: 576px)\">\n                                                                                                <img loading=\"lazy\" decoding=\"async\" width=\"1512\" height=\"823\" src=\"https:\/\/recover-zag.dev.lichtblick.io\/wp-content\/uploads\/2025\/07\/20201003HS_10687-1.webp\" class=\"attachment-full size-full\" alt=\"High-quality photograph of a man giving a speech at a ZAG event, focus on the speaker with the ZAG logo in the background, symbolising professional personnel services and innovative recruitment.\" srcset=\"https:\/\/recover-zag.dev.lichtblick.io\/wp-content\/uploads\/2025\/07\/20201003HS_10687-1.webp 1512w, https:\/\/recover-zag.dev.lichtblick.io\/wp-content\/uploads\/2025\/07\/20201003HS_10687-1-664x361.webp 664w, https:\/\/recover-zag.dev.lichtblick.io\/wp-content\/uploads\/2025\/07\/20201003HS_10687-1-1360x740.webp 1360w, https:\/\/recover-zag.dev.lichtblick.io\/wp-content\/uploads\/2025\/07\/20201003HS_10687-1-300x163.webp 300w, https:\/\/recover-zag.dev.lichtblick.io\/wp-content\/uploads\/2025\/07\/20201003HS_10687-1-18x10.webp 18w\" sizes=\"(max-width: 1512px) 100vw, 1512px\" \/>                                            <\/picture>\n                                        <\/figure>\n                                                                                                                <h2 class=\"tab-panel__title\">The idea behind ZAG<\/h2>\n                                                                        <figure>\n                                                                                    <blockquote\n                                                class=\"quote\">We are shaping the future of staffing \u2013 as a trusted partner for companies looking to grow. With holistic solutions, strong values, and a firm belief in the power of human connection.                                            <\/blockquote>\n                                                                                <figcaption>\n                                                                                            <p class=\"quote__author\">Martin White<\/p>\n                                                                                                                                        <p class=\"quote__author-position\">Founder and owner of ZAG<\/p>\n                                                                                    <\/figcaption>\n                                    <\/figure>\n                                <\/li>\n                                                            <li class=\"swiper-slide tab-panel\"\n                                    data-tab-content=\"1\">\n                                                                            <figure class=\"tab-visual tab-visual--mobile\">\n                                            <picture class=\"tab-background\" data-tab-bg=\"1\">\n                                                                                                    <source\n                                                        srcset=\"https:\/\/recover-zag.dev.lichtblick.io\/wp-content\/uploads\/2025\/07\/ZAG_02_OPEN_SPACE_HERR_GAUDE_0332_FINAL-1-1.webp\"\n                                                        media=\"(max-width: 576px)\">\n                                                                                                <img loading=\"lazy\" decoding=\"async\" width=\"1512\" height=\"823\" src=\"https:\/\/recover-zag.dev.lichtblick.io\/wp-content\/uploads\/2025\/07\/ZAG_02_OPEN_SPACE_HERR_GAUDE_0332_FINAL-1.webp\" class=\"attachment-full size-full\" alt=\"Experienced businessman in a consultation meeting, stylishly dressed, in a modern office environment, focus on business consulting, professional presence, innovative solutions.\" srcset=\"https:\/\/recover-zag.dev.lichtblick.io\/wp-content\/uploads\/2025\/07\/ZAG_02_OPEN_SPACE_HERR_GAUDE_0332_FINAL-1.webp 1512w, https:\/\/recover-zag.dev.lichtblick.io\/wp-content\/uploads\/2025\/07\/ZAG_02_OPEN_SPACE_HERR_GAUDE_0332_FINAL-1-664x361.webp 664w, https:\/\/recover-zag.dev.lichtblick.io\/wp-content\/uploads\/2025\/07\/ZAG_02_OPEN_SPACE_HERR_GAUDE_0332_FINAL-1-1360x740.webp 1360w, https:\/\/recover-zag.dev.lichtblick.io\/wp-content\/uploads\/2025\/07\/ZAG_02_OPEN_SPACE_HERR_GAUDE_0332_FINAL-1-300x163.webp 300w, https:\/\/recover-zag.dev.lichtblick.io\/wp-content\/uploads\/2025\/07\/ZAG_02_OPEN_SPACE_HERR_GAUDE_0332_FINAL-1-18x10.webp 18w\" sizes=\"(max-width: 1512px) 100vw, 1512px\" \/>                                            <\/picture>\n                                        <\/figure>\n                                                                                                                <h2 class=\"tab-panel__title\">The vision of the CEO<\/h2>\n                                                                        <figure>\n                                                                                    <blockquote\n                                                class=\"quote\">We create perfect symbioses between human talent and entrepreneurial needs.                                            <\/blockquote>\n                                                                                <figcaption>\n                                                                                            <p class=\"quote__author\">Dr Eckart Gaude<\/p>\n                                                                                                                                        <p class=\"quote__author-position\">CEO ZAG<\/p>\n                                                                                    <\/figcaption>\n                                    <\/figure>\n                                <\/li>\n                                                            <li class=\"swiper-slide tab-panel\"\n                                    data-tab-content=\"2\">\n                                                                            <figure class=\"tab-visual tab-visual--mobile\">\n                                            <picture class=\"tab-background\" data-tab-bg=\"2\">\n                                                                                                    <source\n                                                        srcset=\"https:\/\/recover-zag.dev.lichtblick.io\/wp-content\/uploads\/2025\/07\/ZAG_01_DACH_HERR_MEIER_0164_FINAL-1-1.webp\"\n                                                        media=\"(max-width: 576px)\">\n                                                                                                <img loading=\"lazy\" decoding=\"async\" width=\"1512\" height=\"823\" src=\"https:\/\/recover-zag.dev.lichtblick.io\/wp-content\/uploads\/2025\/07\/ZAG_01_DACH_HERR_MEIER_0164_FINAL-1.webp\" class=\"attachment-full size-full\" alt=\"Old man in business suit in front of city.\" srcset=\"https:\/\/recover-zag.dev.lichtblick.io\/wp-content\/uploads\/2025\/07\/ZAG_01_DACH_HERR_MEIER_0164_FINAL-1.webp 1512w, https:\/\/recover-zag.dev.lichtblick.io\/wp-content\/uploads\/2025\/07\/ZAG_01_DACH_HERR_MEIER_0164_FINAL-1-664x361.webp 664w, https:\/\/recover-zag.dev.lichtblick.io\/wp-content\/uploads\/2025\/07\/ZAG_01_DACH_HERR_MEIER_0164_FINAL-1-1360x740.webp 1360w, https:\/\/recover-zag.dev.lichtblick.io\/wp-content\/uploads\/2025\/07\/ZAG_01_DACH_HERR_MEIER_0164_FINAL-1-300x163.webp 300w, https:\/\/recover-zag.dev.lichtblick.io\/wp-content\/uploads\/2025\/07\/ZAG_01_DACH_HERR_MEIER_0164_FINAL-1-18x10.webp 18w\" sizes=\"(max-width: 1512px) 100vw, 1512px\" \/>                                            <\/picture>\n                                        <\/figure>\n                                                                                                                <h2 class=\"tab-panel__title\">The mission of the COO<\/h2>\n                                                                        <figure>\n                                                                                    <blockquote\n                                                class=\"quote\">Best work on site.                                            <\/blockquote>\n                                                                                <figcaption>\n                                                                                            <p class=\"quote__author\">Thorsten Meier<\/p>\n                                                                                                                                        <p class=\"quote__author-position\">COO ZAG<\/p>\n                                                                                    <\/figcaption>\n                                    <\/figure>\n                                <\/li>\n                                                            <li class=\"swiper-slide tab-panel\"\n                                    data-tab-content=\"3\">\n                                                                            <figure class=\"tab-visual tab-visual--mobile\">\n                                            <picture class=\"tab-background\" data-tab-bg=\"3\">\n                                                                                                    <source\n                                                        srcset=\"https:\/\/recover-zag.dev.lichtblick.io\/wp-content\/uploads\/2025\/07\/ZAG_05_STIFTUNG_DOPPELPORTRAIT_0972-1-1.webp\"\n                                                        media=\"(max-width: 576px)\">\n                                                                                                <img loading=\"lazy\" decoding=\"async\" width=\"1512\" height=\"823\" src=\"https:\/\/recover-zag.dev.lichtblick.io\/wp-content\/uploads\/2025\/07\/ZAG_05_STIFTUNG_DOPPELPORTRAIT_0972-1.webp\" class=\"attachment-full size-full\" alt=\"High-quality business portrait of a competent man in a dark suit with glasses, professional and personable, in a modern office with a large window in the background.\" srcset=\"https:\/\/recover-zag.dev.lichtblick.io\/wp-content\/uploads\/2025\/07\/ZAG_05_STIFTUNG_DOPPELPORTRAIT_0972-1.webp 1512w, https:\/\/recover-zag.dev.lichtblick.io\/wp-content\/uploads\/2025\/07\/ZAG_05_STIFTUNG_DOPPELPORTRAIT_0972-1-664x361.webp 664w, https:\/\/recover-zag.dev.lichtblick.io\/wp-content\/uploads\/2025\/07\/ZAG_05_STIFTUNG_DOPPELPORTRAIT_0972-1-1360x740.webp 1360w, https:\/\/recover-zag.dev.lichtblick.io\/wp-content\/uploads\/2025\/07\/ZAG_05_STIFTUNG_DOPPELPORTRAIT_0972-1-300x163.webp 300w, https:\/\/recover-zag.dev.lichtblick.io\/wp-content\/uploads\/2025\/07\/ZAG_05_STIFTUNG_DOPPELPORTRAIT_0972-1-18x10.webp 18w\" sizes=\"(max-width: 1512px) 100vw, 1512px\" \/>                                            <\/picture>\n                                        <\/figure>\n                                                                                                                <h2 class=\"tab-panel__title\">ZAG's financial strategy<\/h2>\n                                                                        <figure>\n                                                                                    <blockquote\n                                                class=\"quote\">Our customers expect planning reliability and cost transparency - and rightly so. As CFO, I ensure that our processes are efficient and our decisions are well-founded.                                            <\/blockquote>\n                                                                                <figcaption>\n                                                                                            <p class=\"quote__author\">Frank-Uwe Kautz<\/p>\n                                                                                                                                        <p class=\"quote__author-position\">CFO ZAG<\/p>\n                                                                                    <\/figcaption>\n                                    <\/figure>\n                                <\/li>\n                                                    <\/ul>\n                        <div class=\"slider-arrows\">\n    <button class=\"slider-arrow slider-arrow--left swiper-prev\" type=\"button\"\n            aria-label=\"Previous slide\">\n        <svg width=\"24\" height=\"24\" viewbox=\"0 0 24 24\" fill=\"none\" xmlns=\"http:\/\/www.w3.org\/2000\/svg\">\n<path d=\"M6.47762 11.9946L18.4365 11.9946M9.75758 16.1982L5.56323 11.9968L9.75758 7.80191\" stroke=\"white\" stroke-width=\"2\" stroke-miterlimit=\"10\" stroke-linecap=\"round\" stroke-linejoin=\"round\"\/>\n<\/svg>\n    <\/button>\n    <button class=\"slider-arrow slider-arrow--right swiper-next\" type=\"button\"\n            aria-label=\"Next slide\">\n        <svg width=\"24\" height=\"24\" viewbox=\"0 0 24 24\" fill=\"none\" xmlns=\"http:\/\/www.w3.org\/2000\/svg\">\n<path d=\"M17.522 12.0054L5.56318 12.0054M14.242 7.80176L18.4364 12.0032L14.242 16.1981\" stroke=\"white\" stroke-width=\"2\" stroke-miterlimit=\"10\" stroke-linecap=\"round\" stroke-linejoin=\"round\"\/>\n<\/svg>\n    <\/button>\n<\/div>\n                    <\/div>\n                <\/div>\n            <\/div>\n        <\/div>\n    <\/section>\n\n\n\n<section class=\"align wp-block-lb-team-grid\">\n    <div class=\"container\">\n        <div class=\"section-title\">\n                            <p class=\"pretitle\">\n                    Reliable and approachable                <\/p>\n                                        <div class=\"custom-title\">\n                    <h2><span class=\"highlight-bg-wrap\"><span class=\"highlight-bg\" style=\"background-color: #ffffff\">Our management<\/span><\/span><\/h2>\n                <\/div>\n                    <\/div>\n                    <ul class=\"team-grid\">\n                                    <li class=\"team-grid__item\">\n                                                    <figure class=\"team-grid__photo\">\n                                <button class=\"team-trigger\" type=\"button\"\n                                        data-photo=\"https:\/\/recover-zag.dev.lichtblick.io\/wp-content\/uploads\/2025\/07\/ZAG_GAUDE_ECKART_0273.webp\"\n                                        data-alt=\"Ein reifer Mann in formellem Anzug, der Selbstvertrauen ausstrahlt.\"\n                                        data-name=\"&lt;h3&gt;&lt;span class=&quot;highlight-bg-wrap&quot;&gt;&lt;span class=&quot;highlight-bg&quot; style=&quot;background-color: #ffffff;&quot;&gt;Dr. Eckart&lt;\/span&gt;&lt;br \/&gt;&lt;span class=&quot;highlight-bg&quot; style=&quot;background-color: #ffffff;&quot;&gt; Gaude&lt;\/span&gt;&lt;\/span&gt;&lt;\/h3&gt;\"\n                                        data-position=\"CEO\"\n                                        data-description=\"Als CEO verantwortet Dr. Eckart Gaude die strategische Ausrichtung und Weiterentwicklung des Unternehmens und steht f\u00fcr eine zukunftsorientierte F\u00fchrungskultur.\">\n                                    <img decoding=\"async\" width=\"504\" height=\"672\" src=\"https:\/\/recover-zag.dev.lichtblick.io\/wp-content\/uploads\/2025\/07\/ZAG_GAUDE_ECKART_0273.webp\" class=\"attachment-large size-large\" alt=\"A mature man in a formal suit who exudes confidence.\" loading=\"lazy\" srcset=\"https:\/\/recover-zag.dev.lichtblick.io\/wp-content\/uploads\/2025\/07\/ZAG_GAUDE_ECKART_0273.webp 504w, https:\/\/recover-zag.dev.lichtblick.io\/wp-content\/uploads\/2025\/07\/ZAG_GAUDE_ECKART_0273-300x400.webp 300w, https:\/\/recover-zag.dev.lichtblick.io\/wp-content\/uploads\/2025\/07\/ZAG_GAUDE_ECKART_0273-9x12.webp 9w\" sizes=\"(max-width: 504px) 100vw, 504px\" \/>                                <\/button>\n                            <\/figure>\n                                                                            <p class=\"team-grid__position pretitle\">CEO<\/p>\n                                                                            <div class=\"team-grid__name custom-title\"><h3><span class=\"highlight-bg-wrap\"><span class=\"highlight-bg\" style=\"background-color: #ffffff\">Dr Eckart<\/span><br \/>\n<span class=\"highlight-bg\" style=\"background-color: #ffffff\"> Gaude<\/span><\/span><\/h3>\n<\/div>\n                                                                            <p class=\"team-grid__description\">As CEO, Dr Eckart Gaude is responsible for the strategic direction and further development of the company and stands for a future-oriented management culture.<\/p>\n                                                                            <button class=\"button button-tertiary-s team-grid__button team-trigger\" type=\"button\"\n                                    data-photo=\"https:\/\/recover-zag.dev.lichtblick.io\/wp-content\/uploads\/2025\/07\/ZAG_GAUDE_ECKART_0273.webp\"\n                                    data-alt=\"Ein reifer Mann in formellem Anzug, der Selbstvertrauen ausstrahlt.\"\n                                    data-name=\"&lt;h3&gt;&lt;span class=&quot;highlight-bg-wrap&quot;&gt;&lt;span class=&quot;highlight-bg&quot; style=&quot;background-color: #ffffff;&quot;&gt;Dr. Eckart&lt;\/span&gt;&lt;br \/&gt;&lt;span class=&quot;highlight-bg&quot; style=&quot;background-color: #ffffff;&quot;&gt; Gaude&lt;\/span&gt;&lt;\/span&gt;&lt;\/h3&gt;\"\n                                    data-position=\"CEO\"\n                                    data-description=\"Als CEO verantwortet Dr. Eckart Gaude die strategische Ausrichtung und Weiterentwicklung des Unternehmens und steht f\u00fcr eine zukunftsorientierte F\u00fchrungskultur.\">\n                                Career                            <\/button>\n                                                <div class=\"team-career-wrapper\" style=\"display: none;\" data-career>\n                                                            <ul class=\"team-career\" data-acc=\"true\" data-open-one>\n                                                                            <li data-acc-item data-open-acc>\n                                                                                            <h3 class=\"team-career__title\">\n                                                    <button data-acc-title type=\"button\">\n                                                        Professional stations                                                    <\/button>\n                                                <\/h3>\n                                                                                        <div data-acc-content>\n                                                                                                    <ul class=\"team-career__list\">\n                                                                                                                                                                                    <li>CEO at ZAG since 2020<\/li>\n                                                                                                                                                                                                                                                <li>Lawyer at activelaw Offenhausen.Wolter PartmbB in Hanover<\/li>\n                                                                                                                                                                                                                                                <li>Many years of experience as a lawyer specialising in certain fields<\/li>\n                                                                                                                                                                                                                                                <li>Doctorate (Dr iur.)<\/li>\n                                                                                                                                                                                                                                                <li>Study of law <\/li>\n                                                                                                                                                                        <\/ul>\n                                                                                            <\/div>\n                                        <\/li>\n                                                                            <li data-acc-item>\n                                                                                            <h3 class=\"team-career__title\">\n                                                    <button data-acc-title type=\"button\">\n                                                        Specialised focus                                                    <\/button>\n                                                <\/h3>\n                                                                                        <div data-acc-content>\n                                                                                                    <ul class=\"team-career__list\">\n                                                                                                                                                                                    <li>Focus on the German Temporary Employment Act (A\u00dcG)<\/li>\n                                                                                                                                                                                                                                                <li>Focus on the Works Constitution Act (BetrVG)<\/li>\n                                                                                                                                                                                                                                                <li>Strategic personnel and labour law consulting<\/li>\n                                                                                                                                                                                                                                                <li>Lecturer for labour law, works constitution law and company law for many years<\/li>\n                                                                                                                                                                                                                                                <li>Mediation<\/li>\n                                                                                                                                                                        <\/ul>\n                                                                                            <\/div>\n                                        <\/li>\n                                                                            <li data-acc-item>\n                                                                                            <h3 class=\"team-career__title\">\n                                                    <button data-acc-title type=\"button\">\n                                                        Memberships                                                    <\/button>\n                                                <\/h3>\n                                                                                        <div data-acc-content>\n                                                                                                    <ul class=\"team-career__list\">\n                                                                                                                                                                                    <li>State representative of GVP - Gesamtverband der Personaldienstleister e.V.<\/li>\n                                                                                                                                                                                                                                                <li>Chief Financial Officer of GVP - Gesamtverband der Personaldienstleister e.V.<\/li>\n                                                                                                                                                                                                                                                <li>Board of Directors of Unternehmerverb\u00e4nde Niedersachsen e.V. <\/li>\n                                                                                                                                                                                                                                                <li>Curator of ProChance - Children and Youth Foundation \"Pro-Chance\" Sylvia Daniel<\/li>\n                                                                                                                                                                                                                                                <li>Board Treasurer of Klassik in der Klinik e.V.<\/li>\n                                                                                                                                                                                                                                                <li>Supporting member of the Presse Club Hannover e.V. <\/li>\n                                                                                                                                                                                                                                                <li>Member of the Lions Club Hannover<\/li>\n                                                                                                                                                                        <\/ul>\n                                                                                            <\/div>\n                                        <\/li>\n                                                                    <\/ul>\n                                                                                        <div class=\"quote-container\" data-expandable=\"true\">\n                                    <blockquote id=\"quote\"\n                                                class=\"quote truncated\">\n                                        ZAG is more than just a personnel service provider - it is a powerhouse for the working world of tomorrow. ZAG sets new standards in the industry with a clear attitude, genuine approachability and a consistent focus on people.                                    <\/blockquote>\n                                                                            <button type=\"button\"\n                                                class=\"quote__toggle-button button button-tertiary-s team-grid__button\"\n                                                aria-expanded=\"false\"\n                                                aria-controls=\"quote\">\n                                                <span class=\"expand-text\"\n                                                      aria-hidden=\"true\">Read more<\/span>\n                                            <span class=\"collapse-text\"\n                                                  aria-hidden=\"true\">Read less<\/span>\n                                        <\/button>\n                                                                    <\/div>\n                                                    <\/div>\n                    <\/li>\n                                    <li class=\"team-grid__item\">\n                                                    <figure class=\"team-grid__photo\">\n                                <button class=\"team-trigger\" type=\"button\"\n                                        data-photo=\"https:\/\/recover-zag.dev.lichtblick.io\/wp-content\/uploads\/2025\/07\/ZAG_MEIER_THORSTEN_0484.webp\"\n                                        data-alt=\"Hochqualifizierter ZAG-zertifizierter Berater f\u00fcr erfolgreiche Personalvermittlung in Deutschland. Professionell, zuverl\u00e4ssig und erfahren im Bereich Arbeitsvermittlung, Zeitarbeit und Personalberatung.\"\n                                        data-name=\"&lt;h3&gt;&lt;span class=&quot;highlight-bg-wrap&quot;&gt;&lt;span class=&quot;highlight-bg&quot; style=&quot;background-color: #ffffff;&quot;&gt;Thorsten&lt;\/span&gt;&lt;br \/&gt;&lt;span class=&quot;highlight-bg&quot; style=&quot;background-color: #ffffff;&quot;&gt; Meier&lt;\/span&gt;&lt;\/span&gt;&lt;\/h3&gt;\"\n                                        data-position=\"COO\"\n                                        data-description=\"Als COO steuert Thorsten Meier die operativen Gesch\u00e4ftsprozesse und stellt sicher, dass Effizienz und Qualit\u00e4t im t\u00e4glichen Unternehmensablauf im Mittelpunkt stehen.\">\n                                    <img decoding=\"async\" width=\"504\" height=\"672\" src=\"https:\/\/recover-zag.dev.lichtblick.io\/wp-content\/uploads\/2025\/07\/ZAG_MEIER_THORSTEN_0484.webp\" class=\"attachment-large size-large\" alt=\"Highly qualified ZAG-certified consultant for successful recruitment in Germany. Professional, reliable and experienced in the fields of job placement, temporary employment and personnel consulting.\" loading=\"lazy\" srcset=\"https:\/\/recover-zag.dev.lichtblick.io\/wp-content\/uploads\/2025\/07\/ZAG_MEIER_THORSTEN_0484.webp 504w, https:\/\/recover-zag.dev.lichtblick.io\/wp-content\/uploads\/2025\/07\/ZAG_MEIER_THORSTEN_0484-300x400.webp 300w, https:\/\/recover-zag.dev.lichtblick.io\/wp-content\/uploads\/2025\/07\/ZAG_MEIER_THORSTEN_0484-9x12.webp 9w\" sizes=\"(max-width: 504px) 100vw, 504px\" \/>                                <\/button>\n                            <\/figure>\n                                                                            <p class=\"team-grid__position pretitle\">COO<\/p>\n                                                                            <div class=\"team-grid__name custom-title\"><h3><span class=\"highlight-bg-wrap\"><span class=\"highlight-bg\" style=\"background-color: #ffffff\">Thorsten<\/span><br \/>\n<span class=\"highlight-bg\" style=\"background-color: #ffffff\"> Meier<\/span><\/span><\/h3>\n<\/div>\n                                                                            <p class=\"team-grid__description\">As COO, Thorsten Meier manages the operational business processes and ensures that efficiency and quality are at the centre of the company's daily operations.<\/p>\n                                                                            <button class=\"button button-tertiary-s team-grid__button team-trigger\" type=\"button\"\n                                    data-photo=\"https:\/\/recover-zag.dev.lichtblick.io\/wp-content\/uploads\/2025\/07\/ZAG_MEIER_THORSTEN_0484.webp\"\n                                    data-alt=\"Hochqualifizierter ZAG-zertifizierter Berater f\u00fcr erfolgreiche Personalvermittlung in Deutschland. Professionell, zuverl\u00e4ssig und erfahren im Bereich Arbeitsvermittlung, Zeitarbeit und Personalberatung.\"\n                                    data-name=\"&lt;h3&gt;&lt;span class=&quot;highlight-bg-wrap&quot;&gt;&lt;span class=&quot;highlight-bg&quot; style=&quot;background-color: #ffffff;&quot;&gt;Thorsten&lt;\/span&gt;&lt;br \/&gt;&lt;span class=&quot;highlight-bg&quot; style=&quot;background-color: #ffffff;&quot;&gt; Meier&lt;\/span&gt;&lt;\/span&gt;&lt;\/h3&gt;\"\n                                    data-position=\"COO\"\n                                    data-description=\"Als COO steuert Thorsten Meier die operativen Gesch\u00e4ftsprozesse und stellt sicher, dass Effizienz und Qualit\u00e4t im t\u00e4glichen Unternehmensablauf im Mittelpunkt stehen.\">\n                                Career                            <\/button>\n                                                <div class=\"team-career-wrapper\" style=\"display: none;\" data-career>\n                                                            <ul class=\"team-career\" data-acc=\"true\" data-open-one>\n                                                                            <li data-acc-item data-open-acc>\n                                                                                            <h3 class=\"team-career__title\">\n                                                    <button data-acc-title type=\"button\">\n                                                        Professional stations                                                    <\/button>\n                                                <\/h3>\n                                                                                        <div data-acc-content>\n                                                                                                    <ul class=\"team-career__list\">\n                                                                                                                                                                                    <li>COO at ZAG since 2020<\/li>\n                                                                                                                                                                                                                                                <li>Chief Marketing Officer at SafeToNet, a tech start-up in London<\/li>\n                                                                                                                                                                                                                                                <li>Overall responsibility for the organisation of Hannover 96's participation in the UEFA Europa League (2011-2014)<\/li>\n                                                                                                                                                                                                                                                <li>Establishment of the organisational division of Hannover 96 in the 1st Bundesliga<\/li>\n                                                                                                                                                                                                                                                <li>Station at Bertelsmann\/Arvato<\/li>\n                                                                                                                                                                                                                                                <li>Study of business administration<\/li>\n                                                                                                                                                                                                                                                <li>Study of production technology\/mechanical engineering<\/li>\n                                                                                                                                                                        <\/ul>\n                                                                                            <\/div>\n                                        <\/li>\n                                                                            <li data-acc-item>\n                                                                                            <h3 class=\"team-career__title\">\n                                                    <button data-acc-title type=\"button\">\n                                                        Memberships                                                    <\/button>\n                                                <\/h3>\n                                                                                        <div data-acc-content>\n                                                                                                    <ul class=\"team-career__list\">\n                                                                                                                                                                                    <li>Personal commitment to \"Hilfe f\u00fcr Kinder e. V.\" and \"Kinderherz Hannover e. V.\"<\/li>\n                                                                                                                                                                        <\/ul>\n                                                                                            <\/div>\n                                        <\/li>\n                                                                    <\/ul>\n                                                                                        <div class=\"quote-container\" >\n                                    <blockquote id=\"quote\"\n                                                class=\"quote\">\n                                        I love driving things forward and professionalising them - with a clear strategy, creative ideas and a strong team at my side.                                    <\/blockquote>\n                                                                    <\/div>\n                                                    <\/div>\n                    <\/li>\n                                    <li class=\"team-grid__item\">\n                                                    <figure class=\"team-grid__photo\">\n                                <button class=\"team-trigger\" type=\"button\"\n                                        data-photo=\"https:\/\/recover-zag.dev.lichtblick.io\/wp-content\/uploads\/2025\/07\/ZAG_KAUTZ_FRANK-UWE_0454-1.webp\"\n                                        data-alt=\"ZAG-Berater in formeller Kleidung, professioneller Mann in Anzug, B\u00fcro, Personalvermittlung, Recruiting, HR-Services, Arbeitsrecht, Zeitarbeit, Fachkr\u00e4fte, Personalmanagement, Karriere, Personalvermittlung.\"\n                                        data-name=\"&lt;h3&gt;&lt;span class=&quot;highlight-bg-wrap&quot;&gt;&lt;span class=&quot;highlight-bg&quot; style=&quot;background-color: #ffffff;&quot;&gt;Frank-Uwe&lt;\/span&gt;&lt;br \/&gt;&lt;span class=&quot;highlight-bg&quot; style=&quot;background-color: #ffffff;&quot;&gt; Kautz&lt;\/span&gt;&lt;\/span&gt;&lt;\/h3&gt;\"\n                                        data-position=\"CFO\"\n                                        data-description=\"Als CFO verantwortet Frank-Uwe Kautz die Finanzstrategie des Unternehmens und gew\u00e4hrleistet Transparenz, Stabilit\u00e4t und nachhaltiges Wachstum.\">\n                                    <img decoding=\"async\" width=\"504\" height=\"672\" src=\"https:\/\/recover-zag.dev.lichtblick.io\/wp-content\/uploads\/2025\/07\/ZAG_KAUTZ_FRANK-UWE_0454-1.webp\" class=\"attachment-large size-large\" alt=\"ZAG consultant in formal attire, professional man in suit, office, recruitment, recruiting, HR services, labour law, temporary work, skilled workers, human resources management, career, personnel placement.\" loading=\"lazy\" srcset=\"https:\/\/recover-zag.dev.lichtblick.io\/wp-content\/uploads\/2025\/07\/ZAG_KAUTZ_FRANK-UWE_0454-1.webp 504w, https:\/\/recover-zag.dev.lichtblick.io\/wp-content\/uploads\/2025\/07\/ZAG_KAUTZ_FRANK-UWE_0454-1-300x400.webp 300w, https:\/\/recover-zag.dev.lichtblick.io\/wp-content\/uploads\/2025\/07\/ZAG_KAUTZ_FRANK-UWE_0454-1-9x12.webp 9w\" sizes=\"(max-width: 504px) 100vw, 504px\" \/>                                <\/button>\n                            <\/figure>\n                                                                            <p class=\"team-grid__position pretitle\">CFO<\/p>\n                                                                            <div class=\"team-grid__name custom-title\"><h3><span class=\"highlight-bg-wrap\"><span class=\"highlight-bg\" style=\"background-color: #ffffff\">Frank-Uwe<\/span><br \/>\n<span class=\"highlight-bg\" style=\"background-color: #ffffff\"> Kautz<\/span><\/span><\/h3>\n<\/div>\n                                                                            <p class=\"team-grid__description\">As CFO, Frank-Uwe Kautz is responsible for the company's financial strategy and ensures transparency, stability and sustainable growth.<\/p>\n                                                                            <button class=\"button button-tertiary-s team-grid__button team-trigger\" type=\"button\"\n                                    data-photo=\"https:\/\/recover-zag.dev.lichtblick.io\/wp-content\/uploads\/2025\/07\/ZAG_KAUTZ_FRANK-UWE_0454-1.webp\"\n                                    data-alt=\"ZAG-Berater in formeller Kleidung, professioneller Mann in Anzug, B\u00fcro, Personalvermittlung, Recruiting, HR-Services, Arbeitsrecht, Zeitarbeit, Fachkr\u00e4fte, Personalmanagement, Karriere, Personalvermittlung.\"\n                                    data-name=\"&lt;h3&gt;&lt;span class=&quot;highlight-bg-wrap&quot;&gt;&lt;span class=&quot;highlight-bg&quot; style=&quot;background-color: #ffffff;&quot;&gt;Frank-Uwe&lt;\/span&gt;&lt;br \/&gt;&lt;span class=&quot;highlight-bg&quot; style=&quot;background-color: #ffffff;&quot;&gt; Kautz&lt;\/span&gt;&lt;\/span&gt;&lt;\/h3&gt;\"\n                                    data-position=\"CFO\"\n                                    data-description=\"Als CFO verantwortet Frank-Uwe Kautz die Finanzstrategie des Unternehmens und gew\u00e4hrleistet Transparenz, Stabilit\u00e4t und nachhaltiges Wachstum.\">\n                                Career                            <\/button>\n                                                <div class=\"team-career-wrapper\" style=\"display: none;\" data-career>\n                                                            <ul class=\"team-career\" data-acc=\"true\" data-open-one>\n                                                                            <li data-acc-item data-open-acc>\n                                                                                            <h3 class=\"team-career__title\">\n                                                    <button data-acc-title type=\"button\">\n                                                        Professional stations                                                    <\/button>\n                                                <\/h3>\n                                                                                        <div data-acc-content>\n                                                                                                    <ul class=\"team-career__list\">\n                                                                                                                                                                                    <li>CFO at ZAG since 2021<\/li>\n                                                                                                                                                                                                                                                <li>Appointment as director in 2009<\/li>\n                                                                                                                                                                                                                                                <li>Senior securities manager in wealth management for many years<\/li>\n                                                                                                                                                                                                                                                <li>Development and management of a group of securities specialists for ten branches<\/li>\n                                                                                                                                                                                                                                                <li>Department Director since 2003 <\/li>\n                                                                                                                                                                                                                                                <li>Various functions in the securities business since 1992, including as trainer and head of advisory centre<\/li>\n                                                                                                                                                                                                                                                <li>Apprenticeship as a bank clerk at Commerzbank Hannover (1984-1986)<\/li>\n                                                                                                                                                                        <\/ul>\n                                                                                            <\/div>\n                                        <\/li>\n                                                                            <li data-acc-item>\n                                                                                            <h3 class=\"team-career__title\">\n                                                    <button data-acc-title type=\"button\">\n                                                        Memberships                                                    <\/button>\n                                                <\/h3>\n                                                                                        <div data-acc-content>\n                                                                                                    <ul class=\"team-career__list\">\n                                                                                                                                                                                    <li>Director of the ProChance Children and Youth Foundation Silvia Daniel, at the Hanover Press Club and the Sir Greene Foundation<\/li>\n                                                                                                                                                                        <\/ul>\n                                                                                            <\/div>\n                                        <\/li>\n                                                                    <\/ul>\n                                                                                        <div class=\"quote-container\" >\n                                    <blockquote id=\"quote\"\n                                                class=\"quote\">\n                                        I love challenges - especially when structure, responsibility and teamwork result in something that is sustainable in the long term.                                    <\/blockquote>\n                                                                    <\/div>\n                                                    <\/div>\n                    <\/li>\n                            <\/ul>\n            <\/div>\n    <div class=\"team-overlay\" id=\"teamOverlay\" style=\"display: none;\" role=\"dialog\" aria-modal=\"true\"\n         aria-labelledby=\"overlayTitle\" aria-describedby=\"overlayDescription\" tabindex=\"-1\">\n        <div class=\"team-overlay__container\">\n            <div class=\"team-overlay__body team-grid\">\n                <button class=\"team-overlay__close button-primary-s\"\n                        type=\"button\"\n                        aria-label=\"Close overlay\"\n                        data-close-overlay>\n                                            <svg xmlns=\"http:\/\/www.w3.org\/2000\/svg\" width=\"24\" height=\"24\" viewbox=\"0 0 24 24\" fill=\"none\">\n<path d=\"M7.75735 16.2426L16.2426 7.75736M7.75735 7.75736L16.2426 16.2426\" stroke=\"white\" stroke-width=\"2\" stroke-linecap=\"round\"\/>\n<\/svg>                    <\/button>\n                <div class=\"team-overlay__column-left\">\n                    <figure class=\"team-grid__photo team-overlay__photo\" data-overlay-photo><\/figure>\n                <\/div>\n                <div class=\"team-overlay__column-right\">\n                    <div class=\"team-overlay__content\">\n                        <p class=\"team-overlay__position pretitle\" data-overlay-position><\/p>\n                        <div id=\"overlayTitle\" class=\"team-grid__name  team-overlay__name custom-title\"\n                             data-overlay-name><\/div>\n                        <p id=\"overlayDescription\" class=\"team-grid__description team-overlay__description\"\n                           data-overlay-description><\/p>\n                    <\/div>\n                    <div class=\"team-overlay__career\" data-overlay-career><\/div>\n                <\/div>\n            <\/div>\n        <\/div>\n    <\/div>\n<\/section>\n\n\n\n<section class=\"align wp-block-lb-team-grid has-background has-light-cream-background-color\">\n    <div class=\"container\">\n        <div class=\"section-title\">\n                            <p class=\"pretitle\">\n                    Strong in day-to-day operations                <\/p>\n                                        <div class=\"custom-title\">\n                    <h2><span class=\"highlight-bg-wrap\"><span class=\"highlight-bg\" style=\"background-color: #ffffff\">Our extended management team<\/span><\/span><\/h2>\n                <\/div>\n                    <\/div>\n                    <ul class=\"team-grid\">\n                                    <li class=\"team-grid__item\">\n                                                    <figure class=\"team-grid__photo\">\n                                <button class=\"team-trigger\" type=\"button\"\n                                        data-photo=\"https:\/\/recover-zag.dev.lichtblick.io\/wp-content\/uploads\/2025\/07\/ZAG_GENCEL-FRANKE_SEPKEN_0106-1.webp\"\n                                        data-alt=\"Hochwertiges Business-Portrait einer selbstbewussten Frau in professionellem Outfit, ideal f\u00fcr Firmenwebseiten und Pr\u00e4sentationen bei ZAG.\"\n                                        data-name=\"&lt;h3&gt;&lt;span class=&quot;highlight-bg-wrap&quot;&gt;&lt;span class=&quot;highlight-bg&quot; style=&quot;background-color: #ffffff;&quot;&gt;Sepken&lt;\/span&gt;&lt;br \/&gt;&lt;span class=&quot;highlight-bg&quot; style=&quot;background-color: #ffffff;&quot;&gt; Gencel-Franke&lt;\/span&gt;&lt;\/span&gt;&lt;\/h3&gt;\"\n                                        data-position=\"Gesch\u00e4ftsf\u00fchrerin\"\n                                        data-description=\"Mitglied der erweiterten Gesch\u00e4ftsf\u00fchrung \u2013 verantwortlich f\u00fcr Vertrieb, Kunden-Kompetenzcenter, Einkauf und Personalentwicklung\">\n                                    <img decoding=\"async\" width=\"504\" height=\"672\" src=\"https:\/\/recover-zag.dev.lichtblick.io\/wp-content\/uploads\/2025\/07\/ZAG_GENCEL-FRANKE_SEPKEN_0106-1.webp\" class=\"attachment-large size-large\" alt=\"High-quality business portrait of a self-confident woman in a professional outfit, ideal for company websites and presentations at ZAG.\" loading=\"lazy\" srcset=\"https:\/\/recover-zag.dev.lichtblick.io\/wp-content\/uploads\/2025\/07\/ZAG_GENCEL-FRANKE_SEPKEN_0106-1.webp 504w, https:\/\/recover-zag.dev.lichtblick.io\/wp-content\/uploads\/2025\/07\/ZAG_GENCEL-FRANKE_SEPKEN_0106-1-300x400.webp 300w, https:\/\/recover-zag.dev.lichtblick.io\/wp-content\/uploads\/2025\/07\/ZAG_GENCEL-FRANKE_SEPKEN_0106-1-9x12.webp 9w\" sizes=\"(max-width: 504px) 100vw, 504px\" \/>                                <\/button>\n                            <\/figure>\n                                                                            <p class=\"team-grid__position pretitle\">Managing Director<\/p>\n                                                                            <div class=\"team-grid__name custom-title\"><h3><span class=\"highlight-bg-wrap\"><span class=\"highlight-bg\" style=\"background-color: #ffffff\">Sepken<\/span><br \/>\n<span class=\"highlight-bg\" style=\"background-color: #ffffff\"> Gencel-Franke<\/span><\/span><\/h3>\n<\/div>\n                                                                            <p class=\"team-grid__description\">Member of the extended leadership board - responsible for sales, customer competence centre, purchasing and personnel development<\/p>\n                                                                            <button class=\"button button-tertiary-s team-grid__button team-trigger\" type=\"button\"\n                                    data-photo=\"https:\/\/recover-zag.dev.lichtblick.io\/wp-content\/uploads\/2025\/07\/ZAG_GENCEL-FRANKE_SEPKEN_0106-1.webp\"\n                                    data-alt=\"Hochwertiges Business-Portrait einer selbstbewussten Frau in professionellem Outfit, ideal f\u00fcr Firmenwebseiten und Pr\u00e4sentationen bei ZAG.\"\n                                    data-name=\"&lt;h3&gt;&lt;span class=&quot;highlight-bg-wrap&quot;&gt;&lt;span class=&quot;highlight-bg&quot; style=&quot;background-color: #ffffff;&quot;&gt;Sepken&lt;\/span&gt;&lt;br \/&gt;&lt;span class=&quot;highlight-bg&quot; style=&quot;background-color: #ffffff;&quot;&gt; Gencel-Franke&lt;\/span&gt;&lt;\/span&gt;&lt;\/h3&gt;\"\n                                    data-position=\"Gesch\u00e4ftsf\u00fchrerin\"\n                                    data-description=\"Mitglied der erweiterten Gesch\u00e4ftsf\u00fchrung \u2013 verantwortlich f\u00fcr Vertrieb, Kunden-Kompetenzcenter, Einkauf und Personalentwicklung\">\n                                Career                            <\/button>\n                                                <div class=\"team-career-wrapper\" style=\"display: none;\" data-career>\n                                                            <ul class=\"team-career\" data-acc=\"true\" data-open-one>\n                                                                            <li data-acc-item data-open-acc>\n                                                                                            <h3 class=\"team-career__title\">\n                                                    <button data-acc-title type=\"button\">\n                                                        Professional stations                                                    <\/button>\n                                                <\/h3>\n                                                                                        <div data-acc-content>\n                                                                                                    <ul class=\"team-career__list\">\n                                                                                                                                                                                    <li>2018 honoured as \"Woman of the Year\" at ZAG for the \"Quadrocopter Mailing\" project<\/li>\n                                                                                                                                                                                                                                                <li>At ZAG since 2015: Development of the customer competence centre and introduction of nationwide sales coaching<\/li>\n                                                                                                                                                                                                                                                <li>Management of a customer service centre in telemarketing with around 300 employees<\/li>\n                                                                                                                                                                                                                                                <li>Press officer at Preussen Elektra and Bahlsen<\/li>\n                                                                                                                                                                                                                                                <li>Lecturer in PR and Communication at Leibniz Universit\u00e4t Hannover and Management Circle<\/li>\n                                                                                                                                                                                                                                                <li>Journalistic work for BILD, Hit-Radio Antenne, SAT.1 and Neue Presse<\/li>\n                                                                                                                                                                        <\/ul>\n                                                                                            <\/div>\n                                        <\/li>\n                                                                    <\/ul>\n                                                                                        <div class=\"quote-container\" data-expandable=\"true\">\n                                    <blockquote id=\"quote\"\n                                                class=\"quote truncated\">\n                                        For me, it is a great pleasure to develop employees and colleagues and to always 'make them a little better'. Seeing success and building on it while always pursuing the strategic and economic direction of the company. I draw my strength and enthusiasm from my employees and colleagues every day. We are a creative and hard-working team and work together every day to ensure the company's success!                                    <\/blockquote>\n                                                                            <button type=\"button\"\n                                                class=\"quote__toggle-button button button-tertiary-s team-grid__button\"\n                                                aria-expanded=\"false\"\n                                                aria-controls=\"quote\">\n                                                <span class=\"expand-text\"\n                                                      aria-hidden=\"true\">Read more<\/span>\n                                            <span class=\"collapse-text\"\n                                                  aria-hidden=\"true\">Read less<\/span>\n                                        <\/button>\n                                                                    <\/div>\n                                                    <\/div>\n                    <\/li>\n                                    <li class=\"team-grid__item\">\n                                                    <figure class=\"team-grid__photo\">\n                                <button class=\"team-trigger\" type=\"button\"\n                                        data-photo=\"https:\/\/recover-zag.dev.lichtblick.io\/wp-content\/uploads\/2025\/07\/ZAG_KLINGEMANN_DORTHE_0162.webp\"\n                                        data-alt=\"\"\n                                        data-name=\"&lt;h3&gt;&lt;span class=&quot;highlight-bg-wrap&quot;&gt;&lt;span class=&quot;highlight-bg&quot; style=&quot;background-color: #ffffff;&quot;&gt;Dorthe&lt;\/span&gt;&lt;br \/&gt;&lt;span class=&quot;highlight-bg&quot; style=&quot;background-color: #ffffff;&quot;&gt; Klingemann&lt;\/span&gt;&lt;\/span&gt;&lt;\/h3&gt;\"\n                                        data-position=\"Gesch\u00e4ftsf\u00fchrerin\"\n                                        data-description=\"Mitglied der erweiterten Gesch\u00e4ftsf\u00fchrung \u2013 verantwortlich f\u00fcr Coaching, Mentoring, Personalentwicklung\">\n                                    <img decoding=\"async\" width=\"504\" height=\"672\" src=\"https:\/\/recover-zag.dev.lichtblick.io\/wp-content\/uploads\/2025\/07\/ZAG_KLINGEMANN_DORTHE_0162.webp\" class=\"attachment-large size-large\" alt=\"\" loading=\"lazy\" srcset=\"https:\/\/recover-zag.dev.lichtblick.io\/wp-content\/uploads\/2025\/07\/ZAG_KLINGEMANN_DORTHE_0162.webp 504w, https:\/\/recover-zag.dev.lichtblick.io\/wp-content\/uploads\/2025\/07\/ZAG_KLINGEMANN_DORTHE_0162-300x400.webp 300w, https:\/\/recover-zag.dev.lichtblick.io\/wp-content\/uploads\/2025\/07\/ZAG_KLINGEMANN_DORTHE_0162-9x12.webp 9w\" sizes=\"(max-width: 504px) 100vw, 504px\" \/>                                <\/button>\n                            <\/figure>\n                                                                            <p class=\"team-grid__position pretitle\">Managing Director<\/p>\n                                                                            <div class=\"team-grid__name custom-title\"><h3><span class=\"highlight-bg-wrap\"><span class=\"highlight-bg\" style=\"background-color: #ffffff\">Dorthe<\/span><br \/>\n<span class=\"highlight-bg\" style=\"background-color: #ffffff\"> Klingemann<\/span><\/span><\/h3>\n<\/div>\n                                                                            <p class=\"team-grid__description\">Member of the extended leadership board - responsible for coaching, mentoring, personnel development<\/p>\n                                                                            <button class=\"button button-tertiary-s team-grid__button team-trigger\" type=\"button\"\n                                    data-photo=\"https:\/\/recover-zag.dev.lichtblick.io\/wp-content\/uploads\/2025\/07\/ZAG_KLINGEMANN_DORTHE_0162.webp\"\n                                    data-alt=\"\"\n                                    data-name=\"&lt;h3&gt;&lt;span class=&quot;highlight-bg-wrap&quot;&gt;&lt;span class=&quot;highlight-bg&quot; style=&quot;background-color: #ffffff;&quot;&gt;Dorthe&lt;\/span&gt;&lt;br \/&gt;&lt;span class=&quot;highlight-bg&quot; style=&quot;background-color: #ffffff;&quot;&gt; Klingemann&lt;\/span&gt;&lt;\/span&gt;&lt;\/h3&gt;\"\n                                    data-position=\"Gesch\u00e4ftsf\u00fchrerin\"\n                                    data-description=\"Mitglied der erweiterten Gesch\u00e4ftsf\u00fchrung \u2013 verantwortlich f\u00fcr Coaching, Mentoring, Personalentwicklung\">\n                                Career                            <\/button>\n                                                <div class=\"team-career-wrapper\" style=\"display: none;\" data-career>\n                                                            <ul class=\"team-career\" data-acc=\"true\" data-open-one>\n                                                                            <li data-acc-item data-open-acc>\n                                                                                            <h3 class=\"team-career__title\">\n                                                    <button data-acc-title type=\"button\">\n                                                        Professional stations                                                    <\/button>\n                                                <\/h3>\n                                                                                        <div data-acc-content>\n                                                                                                    <ul class=\"team-career__list\">\n                                                                                                                                                                                    <li>Ongoing training in coaching, personal development, seminar management and communication<\/li>\n                                                                                                                                                                                                                                                <li>Additional qualification as a certified personnel and business coach (2022)<\/li>\n                                                                                                                                                                                                                                                <li>Multiple winner of ZAG internal competitions in sales and business success, combined with incentive trips<\/li>\n                                                                                                                                                                                                                                                <li>Instructor aptitude licence acquired as part of the work at ZAG<\/li>\n                                                                                                                                                                                                                                                <li>Management of the \"Commercial Project\" (2008-2010) and co-responsibility for the first \"ZAG Spain Project\" for international recruitment<\/li>\n                                                                                                                                                                                                                                                <li>Project-related management responsibility in over 15 branches throughout Germany<\/li>\n                                                                                                                                                                                                                                                <li>Has worked at ZAG for over 30 years in various roles: Administration, scheduling, branch and regional management (e.g. in Hanover, Munich, Bavaria)<\/li>\n                                                                                                                                                                                                                                                <li>Apprenticeship as a hotel manager and office clerk (second apprenticeship at ZAG in Hanover)<\/li>\n                                                                                                                                                                        <\/ul>\n                                                                                            <\/div>\n                                        <\/li>\n                                                                    <\/ul>\n                                                                                        <div class=\"quote-container\" data-expandable=\"true\">\n                                    <blockquote id=\"quote\"\n                                                class=\"quote truncated\">\n                                        For me, ZAG is more than just an employer. It is an affair of the heart. I was able to grow, learn and shape things here. Today, I pass on this experience: through coaching, mentoring and leadership with the aim of developing potential, creating prospects and growing together.                                    <\/blockquote>\n                                                                            <button type=\"button\"\n                                                class=\"quote__toggle-button button button-tertiary-s team-grid__button\"\n                                                aria-expanded=\"false\"\n                                                aria-controls=\"quote\">\n                                                <span class=\"expand-text\"\n                                                      aria-hidden=\"true\">Read more<\/span>\n                                            <span class=\"collapse-text\"\n                                                  aria-hidden=\"true\">Read less<\/span>\n                                        <\/button>\n                                                                    <\/div>\n                                                    <\/div>\n                    <\/li>\n                                    <li class=\"team-grid__item\">\n                                                    <figure class=\"team-grid__photo\">\n                                <button class=\"team-trigger\" type=\"button\"\n                                        data-photo=\"https:\/\/recover-zag.dev.lichtblick.io\/wp-content\/uploads\/2025\/07\/ZAG_RICOTTONE_LAURA_0591.webp\"\n                                        data-alt=\"Hochwertige Personalvermittlung bei ZAG f\u00fcr Fach- und F\u00fchrungskr\u00e4fte in Deutschland, innovative Personall\u00f6sungen, Karriereberatung, Zeitarbeit, Personaldienstleister, Personalmanagement.\"\n                                        data-name=\"&lt;h3&gt;&lt;span class=&quot;highlight-bg-wrap&quot;&gt;&lt;span class=&quot;highlight-bg&quot; style=&quot;background-color: #ffffff;&quot;&gt;Laura&lt;\/span&gt;&lt;br \/&gt;&lt;span class=&quot;highlight-bg&quot; style=&quot;background-color: #ffffff;&quot;&gt; Ricottone&lt;\/span&gt;&lt;\/span&gt;&lt;\/h3&gt;\"\n                                        data-position=\"Gesch\u00e4ftsf\u00fchrerin\"\n                                        data-description=\"Mitglied der erweiterten Gesch\u00e4ftsf\u00fchrung \u2013 verantwortlich f\u00fcr Prozessmanagement\">\n                                    <img decoding=\"async\" width=\"504\" height=\"672\" src=\"https:\/\/recover-zag.dev.lichtblick.io\/wp-content\/uploads\/2025\/07\/ZAG_RICOTTONE_LAURA_0591.webp\" class=\"attachment-large size-large\" alt=\"High-quality recruitment at ZAG for specialists and executives in Germany, innovative personnel solutions, career counselling, temporary work, personnel service provider, personnel management.\" loading=\"lazy\" srcset=\"https:\/\/recover-zag.dev.lichtblick.io\/wp-content\/uploads\/2025\/07\/ZAG_RICOTTONE_LAURA_0591.webp 504w, https:\/\/recover-zag.dev.lichtblick.io\/wp-content\/uploads\/2025\/07\/ZAG_RICOTTONE_LAURA_0591-300x400.webp 300w, https:\/\/recover-zag.dev.lichtblick.io\/wp-content\/uploads\/2025\/07\/ZAG_RICOTTONE_LAURA_0591-9x12.webp 9w\" sizes=\"(max-width: 504px) 100vw, 504px\" \/>                                <\/button>\n                            <\/figure>\n                                                                            <p class=\"team-grid__position pretitle\">Managing Director<\/p>\n                                                                            <div class=\"team-grid__name custom-title\"><h3><span class=\"highlight-bg-wrap\"><span class=\"highlight-bg\" style=\"background-color: #ffffff\">Laura<\/span><br \/>\n<span class=\"highlight-bg\" style=\"background-color: #ffffff\"> Ricottone<\/span><\/span><\/h3>\n<\/div>\n                                                                            <p class=\"team-grid__description\">Member of the extended management board - responsible for process management<\/p>\n                                                                            <button class=\"button button-tertiary-s team-grid__button team-trigger\" type=\"button\"\n                                    data-photo=\"https:\/\/recover-zag.dev.lichtblick.io\/wp-content\/uploads\/2025\/07\/ZAG_RICOTTONE_LAURA_0591.webp\"\n                                    data-alt=\"Hochwertige Personalvermittlung bei ZAG f\u00fcr Fach- und F\u00fchrungskr\u00e4fte in Deutschland, innovative Personall\u00f6sungen, Karriereberatung, Zeitarbeit, Personaldienstleister, Personalmanagement.\"\n                                    data-name=\"&lt;h3&gt;&lt;span class=&quot;highlight-bg-wrap&quot;&gt;&lt;span class=&quot;highlight-bg&quot; style=&quot;background-color: #ffffff;&quot;&gt;Laura&lt;\/span&gt;&lt;br \/&gt;&lt;span class=&quot;highlight-bg&quot; style=&quot;background-color: #ffffff;&quot;&gt; Ricottone&lt;\/span&gt;&lt;\/span&gt;&lt;\/h3&gt;\"\n                                    data-position=\"Gesch\u00e4ftsf\u00fchrerin\"\n                                    data-description=\"Mitglied der erweiterten Gesch\u00e4ftsf\u00fchrung \u2013 verantwortlich f\u00fcr Prozessmanagement\">\n                                Career                            <\/button>\n                                                <div class=\"team-career-wrapper\" style=\"display: none;\" data-career>\n                                                            <ul class=\"team-career\" data-acc=\"true\" data-open-one>\n                                                                            <li data-acc-item data-open-acc>\n                                                                                            <h3 class=\"team-career__title\">\n                                                    <button data-acc-title type=\"button\">\n                                                        Professional stations                                                    <\/button>\n                                                <\/h3>\n                                                                                        <div data-acc-content>\n                                                                                                    <ul class=\"team-career__list\">\n                                                                                                                                                                                    <li>Process manager at ZAG since 2025 <\/li>\n                                                                                                                                                                                                                                                <li>Lecturer seminars &amp; member of the extended ZAG management board<\/li>\n                                                                                                                                                                                                                                                <li>Assistant to the management ZAG <\/li>\n                                                                                                                                                                                                                                                <li>Specialisation in receivables management and communication strategy as well as process controlling<\/li>\n                                                                                                                                                                                                                                                <li>Further training as a legal specialist<\/li>\n                                                                                                                                                                                                                                                <li>Training as a paralegal<\/li>\n                                                                                                                                                                        <\/ul>\n                                                                                            <\/div>\n                                        <\/li>\n                                                                    <\/ul>\n                                                                                        <div class=\"quote-container\" data-expandable=\"true\">\n                                    <blockquote id=\"quote\"\n                                                class=\"quote truncated\">\n                                        I am driven by my ambition to make ZAG an even better company in the industry.\r\nI do all this because I am passionate about my work and want to be a role model for our employees and my daughters. In particular, I demonstrate on a daily basis that anything is possible with hard work and determination. Organisation and precise goal setting are also key to my success.                                     <\/blockquote>\n                                                                            <button type=\"button\"\n                                                class=\"quote__toggle-button button button-tertiary-s team-grid__button\"\n                                                aria-expanded=\"false\"\n                                                aria-controls=\"quote\">\n                                                <span class=\"expand-text\"\n                                                      aria-hidden=\"true\">Read more<\/span>\n                                            <span class=\"collapse-text\"\n                                                  aria-hidden=\"true\">Read less<\/span>\n                                        <\/button>\n                                                                    <\/div>\n                                                    <\/div>\n                    <\/li>\n                                    <li class=\"team-grid__item\">\n                                                    <figure class=\"team-grid__photo\">\n                                <button class=\"team-trigger\" type=\"button\"\n                                        data-photo=\"https:\/\/recover-zag.dev.lichtblick.io\/wp-content\/uploads\/2025\/07\/ZAG_SEIDLER_MARCEL_0372.webp\"\n                                        data-alt=\"Hochwertiges Businessfoto eines Mannes im Anzug, professionell und vertrauensw\u00fcrdig, geeignet f\u00fcr Karriere- und Unternehmenspr\u00e4sentationen.\"\n                                        data-name=\"&lt;h3&gt;&lt;span class=&quot;highlight-bg-wrap&quot;&gt;&lt;span class=&quot;highlight-bg&quot; style=&quot;background-color: #ffffff;&quot;&gt;Marcel&lt;\/span&gt;&lt;br \/&gt;&lt;span class=&quot;highlight-bg&quot; style=&quot;background-color: #ffffff;&quot;&gt; Seidler&lt;\/span&gt;&lt;\/span&gt;&lt;\/h3&gt;\"\n                                        data-position=\"Gesch\u00e4ftsf\u00fchrer\"\n                                        data-description=\"Mitglied der erweiterten Gesch\u00e4ftsf\u00fchrung \u2013 verantwortlich f\u00fcr Qualit\u00e4tsmanagement, Prozessoptimierung und operative Steuerung im Nordwesten\">\n                                    <img decoding=\"async\" width=\"504\" height=\"672\" src=\"https:\/\/recover-zag.dev.lichtblick.io\/wp-content\/uploads\/2025\/07\/ZAG_SEIDLER_MARCEL_0372.webp\" class=\"attachment-large size-large\" alt=\"High-quality business photo of a man in a suit, professional and trustworthy, suitable for career and company presentations.\" loading=\"lazy\" srcset=\"https:\/\/recover-zag.dev.lichtblick.io\/wp-content\/uploads\/2025\/07\/ZAG_SEIDLER_MARCEL_0372.webp 504w, https:\/\/recover-zag.dev.lichtblick.io\/wp-content\/uploads\/2025\/07\/ZAG_SEIDLER_MARCEL_0372-300x400.webp 300w, https:\/\/recover-zag.dev.lichtblick.io\/wp-content\/uploads\/2025\/07\/ZAG_SEIDLER_MARCEL_0372-9x12.webp 9w\" sizes=\"(max-width: 504px) 100vw, 504px\" \/>                                <\/button>\n                            <\/figure>\n                                                                            <p class=\"team-grid__position pretitle\">Managing Director<\/p>\n                                                                            <div class=\"team-grid__name custom-title\"><h3><span class=\"highlight-bg-wrap\"><span class=\"highlight-bg\" style=\"background-color: #ffffff\">Marcel<\/span><br \/>\n<span class=\"highlight-bg\" style=\"background-color: #ffffff\"> Seidler<\/span><\/span><\/h3>\n<\/div>\n                                                                            <p class=\"team-grid__description\">Member of the extended management board - responsible for quality management, process optimisation and operational control in the northwest<\/p>\n                                                                            <button class=\"button button-tertiary-s team-grid__button team-trigger\" type=\"button\"\n                                    data-photo=\"https:\/\/recover-zag.dev.lichtblick.io\/wp-content\/uploads\/2025\/07\/ZAG_SEIDLER_MARCEL_0372.webp\"\n                                    data-alt=\"Hochwertiges Businessfoto eines Mannes im Anzug, professionell und vertrauensw\u00fcrdig, geeignet f\u00fcr Karriere- und Unternehmenspr\u00e4sentationen.\"\n                                    data-name=\"&lt;h3&gt;&lt;span class=&quot;highlight-bg-wrap&quot;&gt;&lt;span class=&quot;highlight-bg&quot; style=&quot;background-color: #ffffff;&quot;&gt;Marcel&lt;\/span&gt;&lt;br \/&gt;&lt;span class=&quot;highlight-bg&quot; style=&quot;background-color: #ffffff;&quot;&gt; Seidler&lt;\/span&gt;&lt;\/span&gt;&lt;\/h3&gt;\"\n                                    data-position=\"Gesch\u00e4ftsf\u00fchrer\"\n                                    data-description=\"Mitglied der erweiterten Gesch\u00e4ftsf\u00fchrung \u2013 verantwortlich f\u00fcr Qualit\u00e4tsmanagement, Prozessoptimierung und operative Steuerung im Nordwesten\">\n                                Career                            <\/button>\n                                                <div class=\"team-career-wrapper\" style=\"display: none;\" data-career>\n                                                            <ul class=\"team-career\" data-acc=\"true\" data-open-one>\n                                                                            <li data-acc-item data-open-acc>\n                                                                                            <h3 class=\"team-career__title\">\n                                                    <button data-acc-title type=\"button\">\n                                                        Professional stations                                                    <\/button>\n                                                <\/h3>\n                                                                                        <div data-acc-content>\n                                                                                                    <ul class=\"team-career__list\">\n                                                                                                                                                                                    <li>Managing Director at ZAG since 2020, now responsible for 14 branches in the north-west region<\/li>\n                                                                                                                                                                                                                                                <li>Personnel dispatcher and recruiter at two top 10 personnel service providers in Hanover (2009-2019)<\/li>\n                                                                                                                                                                                                                                                <li>Sales representative at Geberit, Hanover (2003-2008)<\/li>\n                                                                                                                                                                                                                                                <li>Military service in Stadtoldendorf (2000-2002)<\/li>\n                                                                                                                                                                                                                                                <li>Studied law in Hanover, Bremen and Verden (1994-2003)<\/li>\n                                                                                                                                                                        <\/ul>\n                                                                                            <\/div>\n                                        <\/li>\n                                                                    <\/ul>\n                                                                                        <div class=\"quote-container\" >\n                                    <blockquote id=\"quote\"\n                                                class=\"quote\">\n                                        I love it when teams work together to create something that is greater than the sum of its parts.                                    <\/blockquote>\n                                                                    <\/div>\n                                                    <\/div>\n                    <\/li>\n                                    <li class=\"team-grid__item\">\n                                                    <figure class=\"team-grid__photo\">\n                                <button class=\"team-trigger\" type=\"button\"\n                                        data-photo=\"https:\/\/recover-zag.dev.lichtblick.io\/wp-content\/uploads\/2025\/07\/Marion-Strohmeier.webp\"\n                                        data-alt=\"\"\n                                        data-name=\"&lt;h3&gt;&lt;span class=&quot;highlight-bg-wrap&quot;&gt;&lt;span class=&quot;highlight-bg&quot; style=&quot;background-color: #ffffff;&quot;&gt;Marion&lt;\/span&gt;&lt;br \/&gt;&lt;span class=&quot;highlight-bg&quot; style=&quot;background-color: #ffffff;&quot;&gt; Strohmeier&lt;\/span&gt;&lt;\/span&gt;&lt;\/h3&gt;\"\n                                        data-position=\"Gesch\u00e4ftsf\u00fchrerin\"\n                                        data-description=\"Mitglied der erweiterten Gesch\u00e4ftsf\u00fchrung \u2013 verantwortlich f\u00fcr People &amp; Culture\">\n                                    <img decoding=\"async\" width=\"504\" height=\"672\" src=\"https:\/\/recover-zag.dev.lichtblick.io\/wp-content\/uploads\/2025\/07\/Marion-Strohmeier.webp\" class=\"attachment-large size-large\" alt=\"\" loading=\"lazy\" srcset=\"https:\/\/recover-zag.dev.lichtblick.io\/wp-content\/uploads\/2025\/07\/Marion-Strohmeier.webp 504w, https:\/\/recover-zag.dev.lichtblick.io\/wp-content\/uploads\/2025\/07\/Marion-Strohmeier-300x400.webp 300w, https:\/\/recover-zag.dev.lichtblick.io\/wp-content\/uploads\/2025\/07\/Marion-Strohmeier-9x12.webp 9w\" sizes=\"(max-width: 504px) 100vw, 504px\" \/>                                <\/button>\n                            <\/figure>\n                                                                            <p class=\"team-grid__position pretitle\">Managing Director<\/p>\n                                                                            <div class=\"team-grid__name custom-title\"><h3><span class=\"highlight-bg-wrap\"><span class=\"highlight-bg\" style=\"background-color: #ffffff\">Marion<\/span><br \/>\n<span class=\"highlight-bg\" style=\"background-color: #ffffff\"> Strohmeier<\/span><\/span><\/h3>\n<\/div>\n                                                                            <p class=\"team-grid__description\">Member of the Extended Management Board - responsible for People &amp; Culture<\/p>\n                                                                            <button class=\"button button-tertiary-s team-grid__button team-trigger\" type=\"button\"\n                                    data-photo=\"https:\/\/recover-zag.dev.lichtblick.io\/wp-content\/uploads\/2025\/07\/Marion-Strohmeier.webp\"\n                                    data-alt=\"\"\n                                    data-name=\"&lt;h3&gt;&lt;span class=&quot;highlight-bg-wrap&quot;&gt;&lt;span class=&quot;highlight-bg&quot; style=&quot;background-color: #ffffff;&quot;&gt;Marion&lt;\/span&gt;&lt;br \/&gt;&lt;span class=&quot;highlight-bg&quot; style=&quot;background-color: #ffffff;&quot;&gt; Strohmeier&lt;\/span&gt;&lt;\/span&gt;&lt;\/h3&gt;\"\n                                    data-position=\"Gesch\u00e4ftsf\u00fchrerin\"\n                                    data-description=\"Mitglied der erweiterten Gesch\u00e4ftsf\u00fchrung \u2013 verantwortlich f\u00fcr People &amp; Culture\">\n                                Career                            <\/button>\n                                                <div class=\"team-career-wrapper\" style=\"display: none;\" data-career>\n                                                            <ul class=\"team-career\" data-acc=\"true\" data-open-one>\n                                                                            <li data-acc-item data-open-acc>\n                                                                                            <h3 class=\"team-career__title\">\n                                                    <button data-acc-title type=\"button\">\n                                                        Professional stations                                                    <\/button>\n                                                <\/h3>\n                                                                                        <div data-acc-content>\n                                                                                                    <ul class=\"team-career__list\">\n                                                                                                                                                                                    <li>Managing Director of ZAG Hannover since 2020, responsible for People &amp; Culture<\/li>\n                                                                                                                                                                                                                                                <li>5 years working in payroll accounting for the administration<\/li>\n                                                                                                                                                                                                                                                <li>With ZAG since 1984: started in personnel administration &amp; trained as an industrial clerk<\/li>\n                                                                                                                                                                                                                                                <li>Self-employed in the catering trade (1982-1984)<\/li>\n                                                                                                                                                                                                                                                <li>Clerk in the permanent staff department at persona service Hanover (1977-1982)<\/li>\n                                                                                                                                                                        <\/ul>\n                                                                                            <\/div>\n                                        <\/li>\n                                                                    <\/ul>\n                                                                                        <div class=\"quote-container\" data-expandable=\"true\">\n                                    <blockquote id=\"quote\"\n                                                class=\"quote truncated\">\n                                        ZAG is part of my life. I am fully committed and do everything in my power to further develop and advance the company, our culture and our employees.                                    <\/blockquote>\n                                                                            <button type=\"button\"\n                                                class=\"quote__toggle-button button button-tertiary-s team-grid__button\"\n                                                aria-expanded=\"false\"\n                                                aria-controls=\"quote\">\n                                                <span class=\"expand-text\"\n                                                      aria-hidden=\"true\">Read more<\/span>\n                                            <span class=\"collapse-text\"\n                                                  aria-hidden=\"true\">Read less<\/span>\n                                        <\/button>\n                                                                    <\/div>\n                                                    <\/div>\n                    <\/li>\n                            <\/ul>\n            <\/div>\n    <div class=\"team-overlay\" id=\"teamOverlay\" style=\"display: none;\" role=\"dialog\" aria-modal=\"true\"\n         aria-labelledby=\"overlayTitle\" aria-describedby=\"overlayDescription\" tabindex=\"-1\">\n        <div class=\"team-overlay__container\">\n            <div class=\"team-overlay__body team-grid\">\n                <button class=\"team-overlay__close button-primary-s\"\n                        type=\"button\"\n                        aria-label=\"Close overlay\"\n                        data-close-overlay>\n                                            <svg xmlns=\"http:\/\/www.w3.org\/2000\/svg\" width=\"24\" height=\"24\" viewbox=\"0 0 24 24\" fill=\"none\">\n<path d=\"M7.75735 16.2426L16.2426 7.75736M7.75735 7.75736L16.2426 16.2426\" stroke=\"white\" stroke-width=\"2\" stroke-linecap=\"round\"\/>\n<\/svg>                    <\/button>\n                <div class=\"team-overlay__column-left\">\n                    <figure class=\"team-grid__photo team-overlay__photo\" data-overlay-photo><\/figure>\n                <\/div>\n                <div class=\"team-overlay__column-right\">\n                    <div class=\"team-overlay__content\">\n                        <p class=\"team-overlay__position pretitle\" data-overlay-position><\/p>\n                        <div id=\"overlayTitle\" class=\"team-grid__name  team-overlay__name custom-title\"\n                             data-overlay-name><\/div>\n                        <p id=\"overlayDescription\" class=\"team-grid__description team-overlay__description\"\n                           data-overlay-description><\/p>\n                    <\/div>\n                    <div class=\"team-overlay__career\" data-overlay-career><\/div>\n                <\/div>\n            <\/div>\n        <\/div>\n    <\/div>\n<\/section>\n\n\n\n<section class=\"align wp-block-lb-bild-text\">\n    <div class=\"container\">\n        <div class=\"content-layout\">\n            <div class=\"content-left\">\n                <div class=\"section-content\">\n                    \n    <div class=\"section-title align-left\">\n        <p class=\"pretitle\">For your company's success<\/p><div class=\"custom-title\"><h2><span class=\"highlight-bg-wrap\"><span class=\"highlight-bg\" style=\"background-color: #f3f3f0\">Comprehensive HR solutions from a single source.<\/span><\/span><\/h2>\n<\/div>    <\/div>\n                <\/div>\n                                    <div class=\"section-text\">\n                        <p>Whether temporary employment, permanent placement or master vendor model - we develop solutions that fit your processes and requirements. With the expertise of our managers and the commitment of our teams, we bring together exactly what belongs together.<\/p>\n                    <\/div>\n                                                                    <div class=\"button-group\">\n                                                                                    <a class=\"button-primary-m\" href=\"\/en\/fuer-unternehmen\/#leistungen\">More about our services<\/a>                                                                        <\/div>\n                            <\/div>\n                            <div class=\"content-right\">\n                    <figure class=\"image-container\">\n                        <img decoding=\"async\" width=\"1200\" height=\"900\" src=\"https:\/\/recover-zag.dev.lichtblick.io\/wp-content\/uploads\/2025\/08\/Gruppenbild-ZAG-MitarbeiterInnen.webp\" class=\"attachment-large size-large\" alt=\"\" loading=\"lazy\" srcset=\"https:\/\/recover-zag.dev.lichtblick.io\/wp-content\/uploads\/2025\/08\/Gruppenbild-ZAG-MitarbeiterInnen.webp 1200w, https:\/\/recover-zag.dev.lichtblick.io\/wp-content\/uploads\/2025\/08\/Gruppenbild-ZAG-MitarbeiterInnen-664x498.webp 664w, https:\/\/recover-zag.dev.lichtblick.io\/wp-content\/uploads\/2025\/08\/Gruppenbild-ZAG-MitarbeiterInnen-300x225.webp 300w, https:\/\/recover-zag.dev.lichtblick.io\/wp-content\/uploads\/2025\/08\/Gruppenbild-ZAG-MitarbeiterInnen-16x12.webp 16w\" sizes=\"(max-width: 1200px) 100vw, 1200px\" \/>                    <\/figure>\n                <\/div>\n                    <\/div>\n    <\/div>\n<\/section>\n\n\n\n<section style=\"padding-top:var(--wp--preset--spacing--80-64);padding-bottom:var(--wp--preset--spacing--128-64);\" class=\"blog-post-preview align wp-block-lb-blog-post-preview\">\n    <div class=\"container\">\n        <div class=\"blog-post-preview__content\">\n                            <div class=\"section-title align-center\">\n                    <p class=\"pretitle\">Directly from our blog \"ZAG Insights\"<\/p><div class=\"custom-title blog-post-preview__title\"><h2><span class=\"highlight-bg-wrap\"><span class=\"highlight-bg\" style=\"background-color: #ffffff\">First-hand news.<\/span><\/span><\/h2>\n<\/div>                <\/div>\n            \n            <div class=\"js-blog-posts-slider\">\n                <ul class=\"blog-post-preview__grid\">\n                    <li class=\"post-card swiper-slide\">\n    <article class=\"post-card__article\">\n        <a href=\"https:\/\/recover-zag.dev.lichtblick.io\/en\/blog\/aktuelles\/fachkraftemangel-ueberwinden\/\">\n            <figure class=\"post-card__image-wrapper ibg\">\n                                                            <img decoding=\"async\" width=\"1455\" height=\"820\" src=\"https:\/\/recover-zag.dev.lichtblick.io\/wp-content\/uploads\/2025\/07\/Kollegen-im-Holzbetrieb-blicken-gemeinsam-auf-einm-Tablet.webp\" class=\"attachment-full size-full\" alt=\"Alt text: Multi-generational team in ZAG&#039;s wood workshop, consisting of young and older craftsmen working together on woodwork, with tools and pieces of wood in the background.\" loading=\"lazy\" srcset=\"https:\/\/recover-zag.dev.lichtblick.io\/wp-content\/uploads\/2025\/07\/Kollegen-im-Holzbetrieb-blicken-gemeinsam-auf-einm-Tablet.webp 1455w, https:\/\/recover-zag.dev.lichtblick.io\/wp-content\/uploads\/2025\/07\/Kollegen-im-Holzbetrieb-blicken-gemeinsam-auf-einm-Tablet-664x374.webp 664w, https:\/\/recover-zag.dev.lichtblick.io\/wp-content\/uploads\/2025\/07\/Kollegen-im-Holzbetrieb-blicken-gemeinsam-auf-einm-Tablet-1360x766.webp 1360w, https:\/\/recover-zag.dev.lichtblick.io\/wp-content\/uploads\/2025\/07\/Kollegen-im-Holzbetrieb-blicken-gemeinsam-auf-einm-Tablet-300x169.webp 300w, https:\/\/recover-zag.dev.lichtblick.io\/wp-content\/uploads\/2025\/07\/Kollegen-im-Holzbetrieb-blicken-gemeinsam-auf-einm-Tablet-18x10.webp 18w\" sizes=\"(max-width: 1455px) 100vw, 1455px\" \/>                                                <\/figure>\n\n            <footer class=\"post-card__info-wrapper\">\n                <div class=\"post-card__headline\">\n                                                                        <h3 class=\"post-card__title\">Overcoming the skills shortage: 6 advantages of temporary work for your HR strategy<\/h3>\n                                                                                        <div class=\"post-card__description-wrapper\">\n                            <p>The shortage of skilled labour remains one of the biggest challenges facing companies in Germany, and temporary staffing can be a crucial part of the solution - flexible, fast and legally compliant. Find out how personnel service providers help to overcome staff shortages.<\/p>\n                        <\/div>\n                                    <\/div>\n                <span class=\"button button-tertiary-s disable-btn-animation\" href=\"https:\/\/recover-zag.dev.lichtblick.io\/en\/blog\/aktuelles\/fachkraftemangel-ueberwinden\/\">View article<\/span>            <\/footer>\n        <\/a>\n    <\/article>\n<\/li>\n<li class=\"post-card swiper-slide\">\n    <article class=\"post-card__article\">\n        <a href=\"https:\/\/recover-zag.dev.lichtblick.io\/en\/blog\/aktuelles\/flexible-personalplanung\/\">\n            <figure class=\"post-card__image-wrapper ibg\">\n                                                            <img decoding=\"async\" width=\"1455\" height=\"820\" src=\"https:\/\/recover-zag.dev.lichtblick.io\/wp-content\/uploads\/2025\/07\/ein-Mann-plant-mit-Hilfe-von-Post-its.webp\" class=\"attachment-full size-full\" alt=\"A professional businessman marks strategic notes on a whiteboard in a modern office, symbolising teamwork and project planning, ideal for Google ranking on business and management topics.\" loading=\"lazy\" srcset=\"https:\/\/recover-zag.dev.lichtblick.io\/wp-content\/uploads\/2025\/07\/ein-Mann-plant-mit-Hilfe-von-Post-its.webp 1455w, https:\/\/recover-zag.dev.lichtblick.io\/wp-content\/uploads\/2025\/07\/ein-Mann-plant-mit-Hilfe-von-Post-its-664x374.webp 664w, https:\/\/recover-zag.dev.lichtblick.io\/wp-content\/uploads\/2025\/07\/ein-Mann-plant-mit-Hilfe-von-Post-its-1360x766.webp 1360w, https:\/\/recover-zag.dev.lichtblick.io\/wp-content\/uploads\/2025\/07\/ein-Mann-plant-mit-Hilfe-von-Post-its-300x169.webp 300w, https:\/\/recover-zag.dev.lichtblick.io\/wp-content\/uploads\/2025\/07\/ein-Mann-plant-mit-Hilfe-von-Post-its-18x10.webp 18w\" sizes=\"(max-width: 1455px) 100vw, 1455px\" \/>                                                <\/figure>\n\n            <footer class=\"post-card__info-wrapper\">\n                <div class=\"post-card__headline\">\n                                                                        <h3 class=\"post-card__title\">Flexible personnel planning in uncertain times: Strategies for companies<\/h3>\n                                                                                        <div class=\"post-card__description-wrapper\">\n                            <p>Economic fluctuations, a shortage of skilled labour and volatile markets present companies with new challenges. In this article, you will learn how you can make your HR strategy crisis-proof and respond to changes with flexible HR planning.<\/p>\n                        <\/div>\n                                    <\/div>\n                <span class=\"button button-tertiary-s disable-btn-animation\" href=\"https:\/\/recover-zag.dev.lichtblick.io\/en\/blog\/aktuelles\/flexible-personalplanung\/\">View article<\/span>            <\/footer>\n        <\/a>\n    <\/article>\n<\/li>\n<li class=\"post-card swiper-slide\">\n    <article class=\"post-card__article\">\n        <a href=\"https:\/\/recover-zag.dev.lichtblick.io\/en\/blog\/aktuelles\/neuanfang-wagen-so-findest-du-als-quereinsteiger-deinen-traumjob\/\">\n            <figure class=\"post-card__image-wrapper ibg\">\n                                                            <img decoding=\"async\" width=\"1455\" height=\"820\" src=\"https:\/\/recover-zag.dev.lichtblick.io\/wp-content\/uploads\/2025\/07\/junge-Frau-blickt-traeumerisch-nach-oben.webp\" class=\"attachment-full size-full\" alt=\"Alt text: Young woman with smart mobility device in front of modern buildings in an urban environment, symbolising sustainable mobility and innovative transport solutions from ZAG.\" loading=\"lazy\" srcset=\"https:\/\/recover-zag.dev.lichtblick.io\/wp-content\/uploads\/2025\/07\/junge-Frau-blickt-traeumerisch-nach-oben.webp 1455w, https:\/\/recover-zag.dev.lichtblick.io\/wp-content\/uploads\/2025\/07\/junge-Frau-blickt-traeumerisch-nach-oben-664x374.webp 664w, https:\/\/recover-zag.dev.lichtblick.io\/wp-content\/uploads\/2025\/07\/junge-Frau-blickt-traeumerisch-nach-oben-1360x766.webp 1360w, https:\/\/recover-zag.dev.lichtblick.io\/wp-content\/uploads\/2025\/07\/junge-Frau-blickt-traeumerisch-nach-oben-300x169.webp 300w, https:\/\/recover-zag.dev.lichtblick.io\/wp-content\/uploads\/2025\/07\/junge-Frau-blickt-traeumerisch-nach-oben-18x10.webp 18w\" sizes=\"(max-width: 1455px) 100vw, 1455px\" \/>                                                <\/figure>\n\n            <footer class=\"post-card__info-wrapper\">\n                <div class=\"post-card__headline\">\n                                                                        <h3 class=\"post-card__title\">Dare to make a fresh start: How to find your dream job as a career changer<\/h3>\n                                                                                        <div class=\"post-card__description-wrapper\">\n                            <p>Do you want to start a new career, but you don't (yet) have the right training or experience? No problem! Here you can find out how to make the most of your opportunities as a career changer, overcome obstacles and find the job that really suits you.<\/p>\n                        <\/div>\n                                    <\/div>\n                <span class=\"button button-tertiary-s disable-btn-animation\" href=\"https:\/\/recover-zag.dev.lichtblick.io\/en\/blog\/aktuelles\/neuanfang-wagen-so-findest-du-als-quereinsteiger-deinen-traumjob\/\">View article<\/span>            <\/footer>\n        <\/a>\n    <\/article>\n<\/li>\n                <\/ul>\n            <\/div>\n            <div class=\"slider-arrows\">\n    <button class=\"slider-arrow slider-arrow--left swiper-prev\" type=\"button\"\n            aria-label=\"Previous slide\">\n        <svg width=\"24\" height=\"24\" viewbox=\"0 0 24 24\" fill=\"none\" xmlns=\"http:\/\/www.w3.org\/2000\/svg\">\n<path d=\"M6.47762 11.9946L18.4365 11.9946M9.75758 16.1982L5.56323 11.9968L9.75758 7.80191\" stroke=\"white\" stroke-width=\"2\" stroke-miterlimit=\"10\" stroke-linecap=\"round\" stroke-linejoin=\"round\"\/>\n<\/svg>\n    <\/button>\n    <button class=\"slider-arrow slider-arrow--right swiper-next\" type=\"button\"\n            aria-label=\"Next slide\">\n        <svg width=\"24\" height=\"24\" viewbox=\"0 0 24 24\" fill=\"none\" xmlns=\"http:\/\/www.w3.org\/2000\/svg\">\n<path d=\"M17.522 12.0054L5.56318 12.0054M14.242 7.80176L18.4364 12.0032L14.242 16.1981\" stroke=\"white\" stroke-width=\"2\" stroke-miterlimit=\"10\" stroke-linecap=\"round\" stroke-linejoin=\"round\"\/>\n<\/svg>\n    <\/button>\n<\/div>\n        <\/div>\n    <\/div>\n<\/section>","protected":false},"excerpt":{"rendered":"","protected":false},"author":1,"featured_media":0,"parent":0,"menu_order":0,"comment_status":"closed","ping_status":"closed","template":"","meta":{"_acf_changed":false,"inline_featured_image":false,"footnotes":""},"class_list":["post-1035","page","type-page","status-publish","hentry"],"acf":[],"_links":{"self":[{"href":"https:\/\/recover-zag.dev.lichtblick.io\/en\/wp-json\/wp\/v2\/pages\/1035","targetHints":{"allow":["GET"]}}],"collection":[{"href":"https:\/\/recover-zag.dev.lichtblick.io\/en\/wp-json\/wp\/v2\/pages"}],"about":[{"href":"https:\/\/recover-zag.dev.lichtblick.io\/en\/wp-json\/wp\/v2\/types\/page"}],"author":[{"embeddable":true,"href":"https:\/\/recover-zag.dev.lichtblick.io\/en\/wp-json\/wp\/v2\/users\/1"}],"replies":[{"embeddable":true,"href":"https:\/\/recover-zag.dev.lichtblick.io\/en\/wp-json\/wp\/v2\/comments?post=1035"}],"version-history":[{"count":9,"href":"https:\/\/recover-zag.dev.lichtblick.io\/en\/wp-json\/wp\/v2\/pages\/1035\/revisions"}],"predecessor-version":[{"id":4560,"href":"https:\/\/recover-zag.dev.lichtblick.io\/en\/wp-json\/wp\/v2\/pages\/1035\/revisions\/4560"}],"wp:attachment":[{"href":"https:\/\/recover-zag.dev.lichtblick.io\/en\/wp-json\/wp\/v2\/media?parent=1035"}],"curies":[{"name":"wp","href":"https:\/\/api.w.org\/{rel}","templated":true}]}}